{"id":27,"date":"2026-08-31T11:24:54","date_gmt":"2026-08-31T11:24:54","guid":{"rendered":"https:\/\/www.eventidelgargano.it\/servizi\/"},"modified":"2026-08-31T11:31:55","modified_gmt":"2026-08-31T11:31:55","slug":"servizi","status":"publish","type":"page","link":"https:\/\/www.eventidelgargano.it\/en\/servizi\/","title":{"rendered":"Servizi"},"content":{"rendered":"<section class=\"wp-block-group alignfull ext-section is-style-ext-preset--group--natural-1--section has-custom-css has-background-background-color has-background is-layout-constrained wp-container-core-group-is-layout-fe9e2fe9 wp-block-group-is-layout-constrained\" style=\"margin-top:0;margin-bottom:0;padding-top:var(--wp--preset--spacing--70);padding-bottom:var(--wp--preset--spacing--70)\">\n<div class=\"wp-block-group alignwide ext-section-intro is-style-ext-preset--group--natural-1--section-intro-1 has-custom-css is-layout-constrained wp-block-group-is-layout-constrained\" id=\"servizi\">\n<h2 class=\"wp-block-heading ext-section-intro-heading ext-animate--on\">Vivi gli eventi nel Gargano<\/h2>\n\n\n\n<p class=\"ext-section-intro-description ext-animate--on has-foreground-alt-color has-text-color has-medium-font-size wp-block-paragraph\" style=\"margin-top:24px\">Questa sezione presenta la variet\u00e0 delle nostre attivit\u00e0 culturali, musicali e di intrattenimento, garantendo esperienze indimenticabili.<\/p>\n<\/div>\n\n\n\n<div class=\"wp-block-group alignwide ext-grid is-layout-grid wp-container-core-group-is-layout-b0bd3267 wp-block-group-is-layout-grid\">\n<div class=\"wp-block-group ext-card ext-card-stacked is-style-ext-preset--group--natural-1--item-card-1--align-start ext-animate--on is-vertical is-content-justification-stretch is-layout-flex wp-container-core-group-is-layout-a64d2ac4 wp-block-group-is-layout-flex\" style=\"min-height:100%\">\n<div class=\"wp-block-group ext-card-content wp-container-content-ceb7f5b3 is-vertical is-content-justification-stretch is-layout-flex wp-container-core-group-is-layout-a64d2ac4 wp-block-group-is-layout-flex\">\n<div class=\"wp-block-group ext-card-body is-layout-flow wp-container-core-group-is-layout-a361210f wp-block-group-is-layout-flow\">\n<figure class=\"wp-block-image size-large ext-aspect-landscape ext-card-icon is-style-ext-preset--image--natural-1--icon-1 wp-duotone-varpresetduotoneforeground-and-background-1\" style=\"margin-bottom:var(--wp--preset--spacing--20)\"><img decoding=\"async\" src=\"data:image\/svg+xml;base64,PHN2ZyB4bWxucz0iaHR0cDovL3d3dy53My5vcmcvMjAwMC9zdmciIHdpZHRoPSI0OCIgaGVpZ2h0PSI0OCIgZmlsbD0iIzAwMDAwMCIgdmlld0JveD0iMCAwIDI1NiAyNTYiPjxwYXRoIGQ9Ik0xNzIsNzZhNDQsNDQsMCwxLDAtNDQsNDRBNDQuMDUsNDQuMDUsMCwwLDAsMTcyLDc2Wm0tNDQsMjhhMjgsMjgsMCwxLDEsMjgtMjhBMjgsMjgsMCwwLDEsMTI4LDEwNFptNjAsMjRhNDQsNDQsMCwxLDAsNDQsNDRBNDQuMDUsNDQuMDUsMCwwLDAsMTg4LDEyOFptMCw3MmEyOCwyOCwwLDEsMSwyOC0yOEEyOCwyOCwwLDAsMSwxODgsMjAwWk02OCwxMjhhNDQsNDQsMCwxLDAsNDQsNDRBNDQuMDUsNDQuMDUsMCwwLDAsNjgsMTI4Wm0wLDcyYTI4LDI4LDAsMSwxLDI4LTI4QTI4LDI4LDAsMCwxLDY4LDIwMFoiPjwvcGF0aD48L3N2Zz4=\" alt=\"\" style=\"object-fit:cover\"\/><\/figure>\n\n\n\n<h3 class=\"wp-block-heading has-medium-font-size\">Eventi culturali<\/h3>\n\n\n\n<p class=\"wp-block-paragraph\">Promuoviamo manifestazioni tradizionali e artistiche che valorizzano la storia e l&#8217;identit\u00e0 del territorio.<\/p>\n<\/div>\n<\/div>\n<\/div>\n\n\n\n<div class=\"wp-block-group ext-card ext-card-stacked is-style-ext-preset--group--natural-1--item-card-1--align-start ext-animate--on is-vertical is-content-justification-stretch is-layout-flex wp-container-core-group-is-layout-a64d2ac4 wp-block-group-is-layout-flex\" style=\"min-height:100%\">\n<div class=\"wp-block-group ext-card-content wp-container-content-ceb7f5b3 is-vertical is-content-justification-stretch is-layout-flex wp-container-core-group-is-layout-a64d2ac4 wp-block-group-is-layout-flex\">\n<div class=\"wp-block-group ext-card-body is-layout-flow wp-container-core-group-is-layout-a361210f wp-block-group-is-layout-flow\">\n<figure class=\"wp-block-image size-large ext-aspect-landscape ext-card-icon is-style-ext-preset--image--natural-1--icon-1 wp-duotone-varpresetduotoneforeground-and-background-2\" style=\"margin-bottom:var(--wp--preset--spacing--20)\"><img decoding=\"async\" src=\"data:image\/svg+xml;base64,PHN2ZyB4bWxucz0iaHR0cDovL3d3dy53My5vcmcvMjAwMC9zdmciIHdpZHRoPSI0OCIgaGVpZ2h0PSI0OCIgZmlsbD0iIzAwMDAwMCIgdmlld0JveD0iMCAwIDI1NiAyNTYiPjxwYXRoIGQ9Ik04MCw0MGE0MCw0MCwwLDEsMCw0MCw0MEE0MCw0MCwwLDAsMCw4MCw0MFptMCw2NGEyNCwyNCwwLDEsMSwyNC0yNEEyNCwyNCwwLDAsMSw4MCwxMDRabTk2LDE2YTQwLDQwLDAsMSwwLTQwLTQwQTQwLDQwLDAsMCwwLDE3NiwxMjBabTAtNjRhMjQsMjQsMCwxLDEtMjQsMjRBMjQsMjQsMCwwLDEsMTc2LDU2Wk04MCwxMzZhNDAsNDAsMCwxLDAsNDAsNDBBNDAsNDAsMCwwLDAsODAsMTM2Wm0wLDY0YTI0LDI0LDAsMSwxLDI0LTI0QTI0LDI0LDAsMCwxLDgwLDIwMFptOTYtNjRhNDAsNDAsMCwxLDAsNDAsNDBBNDAsNDAsMCwwLDAsMTc2LDEzNlptMCw2NGEyNCwyNCwwLDEsMSwyNC0yNEEyNCwyNCwwLDAsMSwxNzYsMjAwWiI+PC9wYXRoPjwvc3ZnPg==\" alt=\"\" style=\"object-fit:cover\"\/><\/figure>\n\n\n\n<h3 class=\"wp-block-heading has-medium-font-size\">Intrattenimento<\/h3>\n\n\n\n<p class=\"wp-block-paragraph\">Organizziamo spettacoli e momenti di svago per tutte le et\u00e0 nelle localit\u00e0 pi\u00f9 affascinanti della zona.<\/p>\n<\/div>\n<\/div>\n<\/div>\n\n\n\n<div class=\"wp-block-group ext-card ext-card-stacked is-style-ext-preset--group--natural-1--item-card-1--align-start ext-animate--on is-vertical is-content-justification-stretch is-layout-flex wp-container-core-group-is-layout-a64d2ac4 wp-block-group-is-layout-flex\" style=\"min-height:100%\">\n<div class=\"wp-block-group ext-card-content wp-container-content-ceb7f5b3 is-vertical is-content-justification-stretch is-layout-flex wp-container-core-group-is-layout-a64d2ac4 wp-block-group-is-layout-flex\">\n<div class=\"wp-block-group ext-card-body is-layout-flow wp-container-core-group-is-layout-a361210f wp-block-group-is-layout-flow\">\n<figure class=\"wp-block-image size-large ext-aspect-landscape ext-card-icon is-style-ext-preset--image--natural-1--icon-1 wp-duotone-varpresetduotoneforeground-and-background-3\" style=\"margin-bottom:var(--wp--preset--spacing--20)\"><img decoding=\"async\" src=\"data:image\/svg+xml;base64,PHN2ZyB4bWxucz0iaHR0cDovL3d3dy53My5vcmcvMjAwMC9zdmciIHdpZHRoPSI0OCIgaGVpZ2h0PSI0OCIgZmlsbD0iIzAwMDAwMCIgdmlld0JveD0iMCAwIDI1NiAyNTYiPjxwYXRoIGQ9Ik04MCw0MGE0MCw0MCwwLDEsMCw0MCw0MEE0MCw0MCwwLDAsMCw4MCw0MFptMCw2NGEyNCwyNCwwLDEsMSwyNC0yNEEyNCwyNCwwLDAsMSw4MCwxMDRabTk2LDE2YTQwLDQwLDAsMSwwLTQwLTQwQTQwLDQwLDAsMCwwLDE3NiwxMjBabTAtNjRhMjQsMjQsMCwxLDEtMjQsMjRBMjQsMjQsMCwwLDEsMTc2LDU2Wk04MCwxMzZhNDAsNDAsMCwxLDAsNDAsNDBBNDAsNDAsMCwwLDAsODAsMTM2Wm0wLDY0YTI0LDI0LDAsMSwxLDI0LTI0QTI0LDI0LDAsMCwxLDgwLDIwMFptMTM2LTI0YTgsOCwwLDAsMS04LDhIMTg0djI0YTgsOCwwLDAsMS0xNiwwVjE4NEgxNDRhOCw4LDAsMCwxLDAtMTZoMjRWMTQ0YTgsOCwwLDAsMSwxNiwwdjI0aDI0QTgsOCwwLDAsMSwyMTYsMTc2WiI+PC9wYXRoPjwvc3ZnPg==\" alt=\"\" style=\"object-fit:cover\"\/><\/figure>\n\n\n\n<h3 class=\"wp-block-heading has-medium-font-size\">Concerti musicali<\/h3>\n\n\n\n<p class=\"wp-block-paragraph\">Offriamo rassegne e festival musicali immersi nella splendida cornice naturalistica.<\/p>\n<\/div>\n<\/div>\n<\/div>\n<\/div>\n<\/section>\n\n<section class=\"wp-block-group alignfull ext-section is-style-ext-preset--group--natural-1--section has-custom-css has-foreground-color has-tertiary-background-color has-text-color has-background is-layout-constrained wp-container-core-group-is-layout-fe9e2fe9 wp-block-group-is-layout-constrained\" style=\"margin-top:0;margin-bottom:0;padding-top:var(--wp--preset--spacing--70);padding-bottom:var(--wp--preset--spacing--70)\">\n<div class=\"wp-block-group alignwide ext-section-intro is-style-ext-preset--group--natural-1--section-intro-1 has-custom-css is-layout-constrained wp-block-group-is-layout-constrained\" id=\"eventi\">\n<h2 class=\"wp-block-heading ext-section-intro-heading\">Eventi culturali e musicali nel Gargano<\/h2>\n\n\n\n<p class=\"ext-section-intro-description has-foreground-alt-color has-text-color has-medium-font-size wp-block-paragraph\" style=\"margin-top:24px\">Questa sezione presenta gli appuntamenti imperdibili nel territorio, offrendo una panoramica completa per vivere momenti di intrattenimento, cultura e tradizione tra Vieste e Manfredonia.<\/p>\n<\/div>\n\n\n\n<div class=\"wp-block-group alignwide ext-grid is-layout-grid wp-container-core-group-is-layout-b0bd3267 wp-block-group-is-layout-grid\">\n<div class=\"wp-block-group ext-card ext-card-media-top is-style-ext-preset--group--natural-1--item-card-1--align-start is-vertical is-content-justification-stretch is-layout-flex wp-container-core-group-is-layout-a64d2ac4 wp-block-group-is-layout-flex\" style=\"min-height:100%\">\n<figure class=\"wp-block-image ext-card-image\"><img fetchpriority=\"high\" decoding=\"async\" width=\"1440\" height=\"956\" class=\"wp-image-57\" src=\"https:\/\/www.eventidelgargano.it\/wp-content\/uploads\/2026\/08\/baf7bf86419cb4bffe1eb36427239541be66f961.jpg\" alt=\"\" style=\"aspect-ratio:4\/3;object-fit:cover\" srcset=\"https:\/\/www.eventidelgargano.it\/wp-content\/uploads\/2026\/08\/baf7bf86419cb4bffe1eb36427239541be66f961.jpg 1440w, https:\/\/www.eventidelgargano.it\/wp-content\/uploads\/2026\/08\/baf7bf86419cb4bffe1eb36427239541be66f961-300x199.jpg 300w, https:\/\/www.eventidelgargano.it\/wp-content\/uploads\/2026\/08\/baf7bf86419cb4bffe1eb36427239541be66f961-1024x680.jpg 1024w, https:\/\/www.eventidelgargano.it\/wp-content\/uploads\/2026\/08\/baf7bf86419cb4bffe1eb36427239541be66f961-768x510.jpg 768w, https:\/\/www.eventidelgargano.it\/wp-content\/uploads\/2026\/08\/baf7bf86419cb4bffe1eb36427239541be66f961-18x12.jpg 18w\" sizes=\"(max-width: 1440px) 100vw, 1440px\" \/><\/figure>\n\n\n\n<div class=\"wp-block-group ext-card-content wp-container-content-ceb7f5b3 is-vertical is-content-justification-stretch is-layout-flex wp-container-core-group-is-layout-a64d2ac4 wp-block-group-is-layout-flex\">\n<div class=\"wp-block-group ext-card-body is-layout-flow wp-container-core-group-is-layout-a361210f wp-block-group-is-layout-flow\">\n<h3 class=\"wp-block-heading has-medium-font-size\">Festival musicale a Vieste<\/h3>\n\n\n\n<div class=\"wp-block-group ext-meta is-layout-flex wp-container-core-group-is-layout-c6300980 wp-block-group-is-layout-flex\">\n<div class=\"wp-block-group ext-meta-item is-nowrap is-layout-flex wp-container-core-group-is-layout-7a915541 wp-block-group-is-layout-flex\">\n<figure class=\"wp-block-image size-large is-resized ext-aspect-landscape is-style-ext-preset--image--natural-1--icon-1 wp-duotone-varpresetduotoneforeground-and-background-4\"><img decoding=\"async\" src=\"data:image\/svg+xml;base64,PHN2ZyB4bWxucz0iaHR0cDovL3d3dy53My5vcmcvMjAwMC9zdmciIHdpZHRoPSIyNCIgaGVpZ2h0PSIyNCIgZmlsbD0iIzAwMDAwMCIgdmlld0JveD0iMCAwIDI1NiAyNTYiPjxwYXRoIGQ9Ik0yMDgsMzJIMTg0VjI0YTgsOCwwLDAsMC0xNiwwdjhIODhWMjRhOCw4LDAsMCwwLTE2LDB2OEg0OEExNiwxNiwwLDAsMCwzMiw0OFYyMDhhMTYsMTYsMCwwLDAsMTYsMTZIMjA4YTE2LDE2LDAsMCwwLDE2LTE2VjQ4QTE2LDE2LDAsMCwwLDIwOCwzMlpNNzIsNDh2OGE4LDgsMCwwLDAsMTYsMFY0OGg4MHY4YTgsOCwwLDAsMCwxNiwwVjQ4aDI0VjgwSDQ4VjQ4Wk0yMDgsMjA4SDQ4Vjk2SDIwOFYyMDhabS02OC03NmExMiwxMiwwLDEsMS0xMi0xMkExMiwxMiwwLDAsMSwxNDAsMTMyWm00NCwwYTEyLDEyLDAsMSwxLTEyLTEyQTEyLDEyLDAsMCwxLDE4NCwxMzJaTTk2LDE3MmExMiwxMiwwLDEsMS0xMi0xMkExMiwxMiwwLDAsMSw5NiwxNzJabTQ0LDBhMTIsMTIsMCwxLDEtMTItMTJBMTIsMTIsMCwwLDEsMTQwLDE3MlptNDQsMGExMiwxMiwwLDEsMS0xMi0xMkExMiwxMiwwLDAsMSwxODQsMTcyWiI+PC9wYXRoPjwvc3ZnPg==\" alt=\"\" style=\"object-fit:cover;width:24px;height:auto\"\/><\/figure>\n\n\n\n<p class=\"has-foreground-alt-color has-text-color has-small-font-size wp-block-paragraph\">Quando:<\/p>\n<\/div>\n\n\n\n<div class=\"wp-block-group ext-meta-item is-nowrap is-layout-flex wp-container-core-group-is-layout-7a915541 wp-block-group-is-layout-flex\">\n<figure class=\"wp-block-image size-large is-resized ext-aspect-landscape is-style-ext-preset--image--natural-1--icon-1 wp-duotone-varpresetduotoneforeground-and-background-5\"><img decoding=\"async\" src=\"data:image\/svg+xml;base64,PHN2ZyB4bWxucz0iaHR0cDovL3d3dy53My5vcmcvMjAwMC9zdmciIHdpZHRoPSIyNCIgaGVpZ2h0PSIyNCIgZmlsbD0iIzAwMDAwMCIgdmlld0JveD0iMCAwIDI1NiAyNTYiPjxwYXRoIGQ9Ik0xMjgsNjRhNDAsNDAsMCwxLDAsNDAsNDBBNDAsNDAsMCwwLDAsMTI4LDY0Wm0wLDY0YTI0LDI0LDAsMSwxLDI0LTI0QTI0LDI0LDAsMCwxLDEyOCwxMjhabTAtMTEyYTg4LjEsODguMSwwLDAsMC04OCw4OGMwLDMxLjQsMTQuNTEsNjQuNjgsNDIsOTYuMjVhMjU0LjE5LDI1NC4xOSwwLDAsMCw0MS40NSwzOC4zLDgsOCwwLDAsMCw5LjE4LDBBMjU0LjE5LDI1NC4xOSwwLDAsMCwxNzQsMjAwLjI1YzI3LjQ1LTMxLjU3LDQyLTY0Ljg1LDQyLTk2LjI1QTg4LjEsODguMSwwLDAsMCwxMjgsMTZabTAsMjA2Yy0xNi41My0xMy03Mi02MC43NS03Mi0xMThhNzIsNzIsMCwwLDEsMTQ0LDBDMjAwLDE2MS4yMywxNDQuNTMsMjA5LDEyOCwyMjJaIj48L3BhdGg+PC9zdmc+\" alt=\"\" style=\"object-fit:cover;width:24px;height:auto\"\/><\/figure>\n\n\n\n<p class=\"has-foreground-alt-color has-text-color has-small-font-size wp-block-paragraph\">Luogo:<\/p>\n<\/div>\n<\/div>\n\n\n\n<p class=\"has-foreground-alt-color has-text-color wp-block-paragraph\">Una serata indimenticabile di musica dal vivo sulla costa.<\/p>\n<\/div>\n<\/div>\n<\/div>\n\n\n\n<div class=\"wp-block-group ext-card ext-card-media-top is-style-ext-preset--group--natural-1--item-card-1--align-start is-vertical is-content-justification-stretch is-layout-flex wp-container-core-group-is-layout-a64d2ac4 wp-block-group-is-layout-flex\" style=\"min-height:100%\">\n<figure class=\"wp-block-image ext-card-image\"><img decoding=\"async\" width=\"1080\" height=\"1440\" class=\"wp-image-58\" src=\"https:\/\/www.eventidelgargano.it\/wp-content\/uploads\/2026\/08\/01342a2762c0702f6fbf0c8d4c62c234117f65d3.jpg\" alt=\"\" style=\"aspect-ratio:4\/3;object-fit:cover\" srcset=\"https:\/\/www.eventidelgargano.it\/wp-content\/uploads\/2026\/08\/01342a2762c0702f6fbf0c8d4c62c234117f65d3.jpg 1080w, https:\/\/www.eventidelgargano.it\/wp-content\/uploads\/2026\/08\/01342a2762c0702f6fbf0c8d4c62c234117f65d3-225x300.jpg 225w, https:\/\/www.eventidelgargano.it\/wp-content\/uploads\/2026\/08\/01342a2762c0702f6fbf0c8d4c62c234117f65d3-768x1024.jpg 768w, https:\/\/www.eventidelgargano.it\/wp-content\/uploads\/2026\/08\/01342a2762c0702f6fbf0c8d4c62c234117f65d3-9x12.jpg 9w\" sizes=\"(max-width: 1080px) 100vw, 1080px\" \/><\/figure>\n\n\n\n<div class=\"wp-block-group ext-card-content wp-container-content-ceb7f5b3 is-vertical is-content-justification-stretch is-layout-flex wp-container-core-group-is-layout-a64d2ac4 wp-block-group-is-layout-flex\">\n<div class=\"wp-block-group ext-card-body is-layout-flow wp-container-core-group-is-layout-a361210f wp-block-group-is-layout-flow\">\n<h3 class=\"wp-block-heading has-medium-font-size\">Sagra tradizionale a Manfredonia<\/h3>\n\n\n\n<div class=\"wp-block-group ext-meta is-layout-flex wp-container-core-group-is-layout-c6300980 wp-block-group-is-layout-flex\">\n<div class=\"wp-block-group ext-meta-item is-nowrap is-layout-flex wp-container-core-group-is-layout-7a915541 wp-block-group-is-layout-flex\">\n<figure class=\"wp-block-image size-large is-resized ext-aspect-landscape is-style-ext-preset--image--natural-1--icon-1 wp-duotone-varpresetduotoneforeground-and-background-6\"><img decoding=\"async\" src=\"data:image\/svg+xml;base64,PHN2ZyB4bWxucz0iaHR0cDovL3d3dy53My5vcmcvMjAwMC9zdmciIHdpZHRoPSIyNCIgaGVpZ2h0PSIyNCIgZmlsbD0iIzAwMDAwMCIgdmlld0JveD0iMCAwIDI1NiAyNTYiPjxwYXRoIGQ9Ik0yMDgsMzJIMTg0VjI0YTgsOCwwLDAsMC0xNiwwdjhIODhWMjRhOCw4LDAsMCwwLTE2LDB2OEg0OEExNiwxNiwwLDAsMCwzMiw0OFYyMDhhMTYsMTYsMCwwLDAsMTYsMTZIMjA4YTE2LDE2LDAsMCwwLDE2LTE2VjQ4QTE2LDE2LDAsMCwwLDIwOCwzMlpNNzIsNDh2OGE4LDgsMCwwLDAsMTYsMFY0OGg4MHY4YTgsOCwwLDAsMCwxNiwwVjQ4aDI0VjgwSDQ4VjQ4Wk0yMDgsMjA4SDQ4Vjk2SDIwOFYyMDhabS02OC03NmExMiwxMiwwLDEsMS0xMi0xMkExMiwxMiwwLDAsMSwxNDAsMTMyWm00NCwwYTEyLDEyLDAsMSwxLTEyLTEyQTEyLDEyLDAsMCwxLDE4NCwxMzJaTTk2LDE3MmExMiwxMiwwLDEsMS0xMi0xMkExMiwxMiwwLDAsMSw5NiwxNzJabTQ0LDBhMTIsMTIsMCwxLDEtMTItMTJBMTIsMTIsMCwwLDEsMTQwLDE3MlptNDQsMGExMiwxMiwwLDEsMS0xMi0xMkExMiwxMiwwLDAsMSwxODQsMTcyWiI+PC9wYXRoPjwvc3ZnPg==\" alt=\"\" style=\"object-fit:cover;width:24px;height:auto\"\/><\/figure>\n\n\n\n<p class=\"has-foreground-alt-color has-text-color has-small-font-size wp-block-paragraph\">Quando:<\/p>\n<\/div>\n\n\n\n<div class=\"wp-block-group ext-meta-item is-nowrap is-layout-flex wp-container-core-group-is-layout-7a915541 wp-block-group-is-layout-flex\">\n<figure class=\"wp-block-image size-large is-resized ext-aspect-landscape is-style-ext-preset--image--natural-1--icon-1 wp-duotone-varpresetduotoneforeground-and-background-7\"><img decoding=\"async\" src=\"data:image\/svg+xml;base64,PHN2ZyB4bWxucz0iaHR0cDovL3d3dy53My5vcmcvMjAwMC9zdmciIHdpZHRoPSIyNCIgaGVpZ2h0PSIyNCIgZmlsbD0iIzAwMDAwMCIgdmlld0JveD0iMCAwIDI1NiAyNTYiPjxwYXRoIGQ9Ik0xMjgsNjRhNDAsNDAsMCwxLDAsNDAsNDBBNDAsNDAsMCwwLDAsMTI4LDY0Wm0wLDY0YTI0LDI0LDAsMSwxLDI0LTI0QTI0LDI0LDAsMCwxLDEyOCwxMjhabTAtMTEyYTg4LjEsODguMSwwLDAsMC04OCw4OGMwLDMxLjQsMTQuNTEsNjQuNjgsNDIsOTYuMjVhMjU0LjE5LDI1NC4xOSwwLDAsMCw0MS40NSwzOC4zLDgsOCwwLDAsMCw5LjE4LDBBMjU0LjE5LDI1NC4xOSwwLDAsMCwxNzQsMjAwLjI1YzI3LjQ1LTMxLjU3LDQyLTY0Ljg1LDQyLTk2LjI1QTg4LjEsODguMSwwLDAsMCwxMjgsMTZabTAsMjA2Yy0xNi41My0xMy03Mi02MC43NS03Mi0xMThhNzIsNzIsMCwwLDEsMTQ0LDBDMjAwLDE2MS4yMywxNDQuNTMsMjA5LDEyOCwyMjJaIj48L3BhdGg+PC9zdmc+\" alt=\"\" style=\"object-fit:cover;width:24px;height:auto\"\/><\/figure>\n\n\n\n<p class=\"has-foreground-alt-color has-text-color has-small-font-size wp-block-paragraph\">Luogo:<\/p>\n<\/div>\n<\/div>\n\n\n\n<p class=\"has-foreground-alt-color has-text-color wp-block-paragraph\">Scopri i sapori autentici e le antiche tradizioni locali.<\/p>\n<\/div>\n<\/div>\n<\/div>\n\n\n\n<div class=\"wp-block-group ext-card ext-card-media-top is-style-ext-preset--group--natural-1--item-card-1--align-start is-vertical is-content-justification-stretch is-layout-flex wp-container-core-group-is-layout-a64d2ac4 wp-block-group-is-layout-flex\" style=\"min-height:100%\">\n<figure class=\"wp-block-image ext-card-image\"><img decoding=\"async\" width=\"975\" height=\"1440\" class=\"wp-image-59\" src=\"https:\/\/www.eventidelgargano.it\/wp-content\/uploads\/2026\/08\/8244ff592a146454a2ba1225307e56d487c6025d.jpg\" alt=\"\" style=\"aspect-ratio:4\/3;object-fit:cover\" srcset=\"https:\/\/www.eventidelgargano.it\/wp-content\/uploads\/2026\/08\/8244ff592a146454a2ba1225307e56d487c6025d.jpg 975w, https:\/\/www.eventidelgargano.it\/wp-content\/uploads\/2026\/08\/8244ff592a146454a2ba1225307e56d487c6025d-203x300.jpg 203w, https:\/\/www.eventidelgargano.it\/wp-content\/uploads\/2026\/08\/8244ff592a146454a2ba1225307e56d487c6025d-693x1024.jpg 693w, https:\/\/www.eventidelgargano.it\/wp-content\/uploads\/2026\/08\/8244ff592a146454a2ba1225307e56d487c6025d-768x1134.jpg 768w, https:\/\/www.eventidelgargano.it\/wp-content\/uploads\/2026\/08\/8244ff592a146454a2ba1225307e56d487c6025d-8x12.jpg 8w\" sizes=\"(max-width: 975px) 100vw, 975px\" \/><\/figure>\n\n\n\n<div class=\"wp-block-group ext-card-content wp-container-content-ceb7f5b3 is-vertical is-content-justification-stretch is-layout-flex wp-container-core-group-is-layout-a64d2ac4 wp-block-group-is-layout-flex\">\n<div class=\"wp-block-group ext-card-body is-layout-flow wp-container-core-group-is-layout-a361210f wp-block-group-is-layout-flow\">\n<h3 class=\"wp-block-heading has-medium-font-size\">Escursione nella Foresta Umbra<\/h3>\n\n\n\n<div class=\"wp-block-group ext-meta is-layout-flex wp-container-core-group-is-layout-c6300980 wp-block-group-is-layout-flex\">\n<div class=\"wp-block-group ext-meta-item is-nowrap is-layout-flex wp-container-core-group-is-layout-7a915541 wp-block-group-is-layout-flex\">\n<figure class=\"wp-block-image size-large is-resized ext-aspect-landscape is-style-ext-preset--image--natural-1--icon-1 wp-duotone-varpresetduotoneforeground-and-background-8\"><img decoding=\"async\" src=\"data:image\/svg+xml;base64,PHN2ZyB4bWxucz0iaHR0cDovL3d3dy53My5vcmcvMjAwMC9zdmciIHdpZHRoPSIyNCIgaGVpZ2h0PSIyNCIgZmlsbD0iIzAwMDAwMCIgdmlld0JveD0iMCAwIDI1NiAyNTYiPjxwYXRoIGQ9Ik0yMDgsMzJIMTg0VjI0YTgsOCwwLDAsMC0xNiwwdjhIODhWMjRhOCw4LDAsMCwwLTE2LDB2OEg0OEExNiwxNiwwLDAsMCwzMiw0OFYyMDhhMTYsMTYsMCwwLDAsMTYsMTZIMjA4YTE2LDE2LDAsMCwwLDE2LTE2VjQ4QTE2LDE2LDAsMCwwLDIwOCwzMlpNNzIsNDh2OGE4LDgsMCwwLDAsMTYsMFY0OGg4MHY4YTgsOCwwLDAsMCwxNiwwVjQ4aDI0VjgwSDQ4VjQ4Wk0yMDgsMjA4SDQ4Vjk2SDIwOFYyMDhabS02OC03NmExMiwxMiwwLDEsMS0xMi0xMkExMiwxMiwwLDAsMSwxNDAsMTMyWm00NCwwYTEyLDEyLDAsMSwxLTEyLTEyQTEyLDEyLDAsMCwxLDE4NCwxMzJaTTk2LDE3MmExMiwxMiwwLDEsMS0xMi0xMkExMiwxMiwwLDAsMSw5NiwxNzJabTQ0LDBhMTIsMTIsMCwxLDEtMTItMTJBMTIsMTIsMCwwLDEsMTQwLDE3MlptNDQsMGExMiwxMiwwLDEsMS0xMi0xMkExMiwxMiwwLDAsMSwxODQsMTcyWiI+PC9wYXRoPjwvc3ZnPg==\" alt=\"\" style=\"object-fit:cover;width:24px;height:auto\"\/><\/figure>\n\n\n\n<p class=\"has-foreground-alt-color has-text-color has-small-font-size wp-block-paragraph\">Quando:<\/p>\n<\/div>\n\n\n\n<div class=\"wp-block-group ext-meta-item is-nowrap is-layout-flex wp-container-core-group-is-layout-7a915541 wp-block-group-is-layout-flex\">\n<figure class=\"wp-block-image size-large is-resized ext-aspect-landscape is-style-ext-preset--image--natural-1--icon-1 wp-duotone-varpresetduotoneforeground-and-background-9\"><img decoding=\"async\" src=\"data:image\/svg+xml;base64,PHN2ZyB4bWxucz0iaHR0cDovL3d3dy53My5vcmcvMjAwMC9zdmciIHdpZHRoPSIyNCIgaGVpZ2h0PSIyNCIgZmlsbD0iIzAwMDAwMCIgdmlld0JveD0iMCAwIDI1NiAyNTYiPjxwYXRoIGQ9Ik0xMjgsNjRhNDAsNDAsMCwxLDAsNDAsNDBBNDAsNDAsMCwwLDAsMTI4LDY0Wm0wLDY0YTI0LDI0LDAsMSwxLDI0LTI0QTI0LDI0LDAsMCwxLDEyOCwxMjhabTAtMTEyYTg4LjEsODguMSwwLDAsMC04OCw4OGMwLDMxLjQsMTQuNTEsNjQuNjgsNDIsOTYuMjVhMjU0LjE5LDI1NC4xOSwwLDAsMCw0MS40NSwzOC4zLDgsOCwwLDAsMCw5LjE4LDBBMjU0LjE5LDI1NC4xOSwwLDAsMCwxNzQsMjAwLjI1YzI3LjQ1LTMxLjU3LDQyLTY0Ljg1LDQyLTk2LjI1QTg4LjEsODguMSwwLDAsMCwxMjgsMTZabTAsMjA2Yy0xNi41My0xMy03Mi02MC43NS03Mi0xMThhNzIsNzIsMCwwLDEsMTQ0LDBDMjAwLDE2MS4yMywxNDQuNTMsMjA5LDEyOCwyMjJaIj48L3BhdGg+PC9zdmc+\" alt=\"\" style=\"object-fit:cover;width:24px;height:auto\"\/><\/figure>\n\n\n\n<p class=\"has-foreground-alt-color has-text-color has-small-font-size wp-block-paragraph\">Luogo:<\/p>\n<\/div>\n<\/div>\n\n\n\n<p class=\"has-foreground-alt-color has-text-color wp-block-paragraph\">Una passeggiata guidata tra natura e storia.<\/p>\n<\/div>\n<\/div>\n<\/div>\n<\/div>\n<\/section>\n\n<div class=\"wp-block-group alignfull is-style-ext-preset--group--natural-1--section ext-section has-background-background-color has-background is-layout-constrained wp-container-core-group-is-layout-df95c0ba wp-block-group-is-layout-constrained\" style=\"margin-top:0;margin-bottom:0;padding-top:var(--wp--preset--spacing--70);padding-bottom:var(--wp--preset--spacing--70)\">\n<div class=\"wp-block-media-text alignwide has-media-on-the-right is-stacked-on-mobile is-image-fill-element is-style-ext-preset--media-text--natural-1--card-1 ext-animate--on has-tertiary-background-color has-background\"><div class=\"wp-block-media-text__content\">\n<div class=\"wp-block-group alignwide is-vertical is-layout-flex wp-container-core-group-is-layout-e5244150 wp-block-group-is-layout-flex\" style=\"padding-top:var(--wp--preset--spacing--70);padding-bottom:var(--wp--preset--spacing--70)\">\n<div class=\"wp-block-group ext-section-intro is-style-ext-preset--group--natural-1--section-intro-1 has-custom-css is-layout-constrained wp-container-core-group-is-layout-24aa07b3 wp-block-group-is-layout-constrained\" style=\"padding-top:0;padding-right:0;padding-bottom:0;padding-left:0\">\n<h2 class=\"wp-block-heading has-text-align-left has-x-large-font-size\">Esplora gli eventi del meraviglioso Gargano<\/h2>\n\n\n\n<p class=\"has-text-align-left wp-block-paragraph\">Rimani aggiornato su tutti gli appuntamenti culturali, musicali e tradizionali del territorio. Unisciti alla nostra community per non perdere le migliori manifestazioni di Vieste, Manfredonia e della Foresta Umbra.<\/p>\n<\/div>\n\n\n\n<div class=\"wp-block-buttons is-layout-flex wp-block-buttons-is-layout-flex\">\n<div class=\"wp-block-button is-style-ext-preset--button--natural-1--button-1\"><a class=\"wp-block-button__link wp-element-button\" href=\"https:\/\/www.eventidelgargano.it\/en\/galleria\/\">Scopri gli eventi<\/a><\/div>\n<\/div>\n<\/div>\n<\/div><figure class=\"wp-block-media-text__media\"><img loading=\"lazy\" decoding=\"async\" width=\"1440\" height=\"960\" class=\"wp-image-50 size-full\" src=\"https:\/\/www.eventidelgargano.it\/wp-content\/uploads\/2026\/08\/9b54e73ec4a35baf5459c62a29ce39f56e9e6dc0.jpg\" alt=\"\" style=\"object-position:50% 50%\" srcset=\"https:\/\/www.eventidelgargano.it\/wp-content\/uploads\/2026\/08\/9b54e73ec4a35baf5459c62a29ce39f56e9e6dc0.jpg 1440w, https:\/\/www.eventidelgargano.it\/wp-content\/uploads\/2026\/08\/9b54e73ec4a35baf5459c62a29ce39f56e9e6dc0-300x200.jpg 300w, https:\/\/www.eventidelgargano.it\/wp-content\/uploads\/2026\/08\/9b54e73ec4a35baf5459c62a29ce39f56e9e6dc0-1024x683.jpg 1024w, https:\/\/www.eventidelgargano.it\/wp-content\/uploads\/2026\/08\/9b54e73ec4a35baf5459c62a29ce39f56e9e6dc0-768x512.jpg 768w, https:\/\/www.eventidelgargano.it\/wp-content\/uploads\/2026\/08\/9b54e73ec4a35baf5459c62a29ce39f56e9e6dc0-18x12.jpg 18w\" sizes=\"(max-width: 1440px) 100vw, 1440px\" \/><\/figure><\/div>\n<\/div>","protected":false},"excerpt":{"rendered":"<p>Vivi gli eventi nel Gargano Questa sezione presenta la variet\u00e0 delle nostre attivit\u00e0 culturali, musicali e di intrattenimento, garantendo esperienze indimenticabili. Eventi culturali Promuoviamo manifestazioni tradizionali e artistiche che valorizzano la storia e l&#8217;identit\u00e0 del territorio. Intrattenimento Organizziamo spettacoli e momenti di svago per tutte le et\u00e0 nelle localit\u00e0 pi\u00f9 affascinanti della zona. Concerti musicali [&hellip;]<\/p>\n","protected":false},"author":1,"featured_media":0,"parent":0,"menu_order":0,"comment_status":"closed","ping_status":"closed","template":"page-with-title","meta":{"_monsterinsights_skip_tracking":false,"footnotes":""},"class_list":["post-27","page","type-page","status-publish","hentry"],"_links":{"self":[{"href":"https:\/\/www.eventidelgargano.it\/en\/wp-json\/wp\/v2\/pages\/27","targetHints":{"allow":["GET"]}}],"collection":[{"href":"https:\/\/www.eventidelgargano.it\/en\/wp-json\/wp\/v2\/pages"}],"about":[{"href":"https:\/\/www.eventidelgargano.it\/en\/wp-json\/wp\/v2\/types\/page"}],"author":[{"embeddable":true,"href":"https:\/\/www.eventidelgargano.it\/en\/wp-json\/wp\/v2\/users\/1"}],"replies":[{"embeddable":true,"href":"https:\/\/www.eventidelgargano.it\/en\/wp-json\/wp\/v2\/comments?post=27"}],"version-history":[{"count":1,"href":"https:\/\/www.eventidelgargano.it\/en\/wp-json\/wp\/v2\/pages\/27\/revisions"}],"predecessor-version":[{"id":36,"href":"https:\/\/www.eventidelgargano.it\/en\/wp-json\/wp\/v2\/pages\/27\/revisions\/36"}],"wp:attachment":[{"href":"https:\/\/www.eventidelgargano.it\/en\/wp-json\/wp\/v2\/media?parent=27"}],"curies":[{"name":"wp","href":"https:\/\/api.w.org\/{rel}","templated":true}]}}